{"id":3,"date":"2022-06-27T16:39:21","date_gmt":"2022-06-27T14:39:21","guid":{"rendered":"https:\/\/berghman-agrumes-corse.bio\/?page_id=3"},"modified":"2023-09-11T16:26:42","modified_gmt":"2023-09-11T14:26:42","slug":"mentions-legales","status":"publish","type":"page","link":"https:\/\/www.maison-berghman.bio\/en\/mentions-legales\/","title":{"rendered":"Legal information"},"content":{"rendered":"<div data-elementor-type=\"wp-page\" data-elementor-id=\"3\" class=\"elementor elementor-3\" data-elementor-post-type=\"page\">\n\t\t\t\t\t\t<section class=\"elementor-section elementor-top-section elementor-element elementor-element-424850f2 elementor-section-height-min-height elementor-section-items-bottom elementor-section-boxed elementor-section-height-default\" data-id=\"424850f2\" data-element_type=\"section\" data-settings=\"{&quot;background_background&quot;:&quot;classic&quot;}\">\n\t\t\t\t\t\t\t<div class=\"elementor-background-overlay\"><\/div>\n\t\t\t\t\t\t\t<div class=\"elementor-container elementor-column-gap-default\">\n\t\t\t\t\t<div class=\"elementor-column elementor-col-100 elementor-top-column elementor-element elementor-element-514f68d1\" data-id=\"514f68d1\" data-element_type=\"column\">\n\t\t\t<div class=\"elementor-widget-wrap elementor-element-populated\">\n\t\t\t\t\t\t<div class=\"elementor-element elementor-element-7e1b9fc4 elementor-widget elementor-widget-heading\" data-id=\"7e1b9fc4\" data-element_type=\"widget\" data-widget_type=\"heading.default\">\n\t\t\t\t<div class=\"elementor-widget-container\">\n\t\t\t\t\t<h1 class=\"elementor-heading-title elementor-size-default\">Legal information<\/h1>\t\t\t\t<\/div>\n\t\t\t\t<\/div>\n\t\t\t\t\t<\/div>\n\t\t<\/div>\n\t\t\t\t\t<\/div>\n\t\t<\/section>\n\t\t\t\t<section class=\"elementor-section elementor-top-section elementor-element elementor-element-d5c7e00 elementor-section-boxed elementor-section-height-default elementor-section-height-default\" data-id=\"d5c7e00\" data-element_type=\"section\">\n\t\t\t\t\t\t<div class=\"elementor-container elementor-column-gap-default\">\n\t\t\t\t\t<div class=\"elementor-column elementor-col-100 elementor-top-column elementor-element elementor-element-6fac46f\" data-id=\"6fac46f\" data-element_type=\"column\">\n\t\t\t<div class=\"elementor-widget-wrap elementor-element-populated\">\n\t\t\t\t\t\t<div class=\"elementor-element elementor-element-ecd1cec elementor-widget elementor-widget-heading\" data-id=\"ecd1cec\" data-element_type=\"widget\" data-widget_type=\"heading.default\">\n\t\t\t\t<div class=\"elementor-widget-container\">\n\t\t\t\t\t<h2 class=\"elementor-heading-title elementor-size-default\">Legal information<\/h2>\t\t\t\t<\/div>\n\t\t\t\t<\/div>\n\t\t\t\t<div class=\"elementor-element elementor-element-9eb2dc5 elementor-widget elementor-widget-text-editor\" data-id=\"9eb2dc5\" data-element_type=\"widget\" data-widget_type=\"text-editor.default\">\n\t\t\t\t<div class=\"elementor-widget-container\">\n\t\t\t\t\t\t\t\t\t<p><b>1 \u2013 \u00c9dition du site<\/b><\/p>\n<p>En vertu de\u00a0<a href=\"https:\/\/www.legifrance.gouv.fr\/affichTexte.do?cidTexte=JORFTEXT000000801164#LEGIARTI000042038977\">l\u2019article 6 de la loi n\u00b0 2004-575 du 21 juin 2004<\/a>\u00a0pour la confiance dans l\u2019\u00e9conomie num\u00e9rique, il est pr\u00e9cis\u00e9 aux utilisateurs du site internet <a href=\"https:\/\/www.maison-berghman.bio\/en\/\">https:\/\/www.maison-berghman.bio<\/a> l\u2019identit\u00e9 des diff\u00e9rents intervenants dans le cadre de sa r\u00e9alisation et de son suivi:<\/p>\n<p><b>Propri\u00e9taire du site :\u00a0<\/b>SAS Patrick BERGHMAN \u2013 Contact : <a href=\"mailto:serge@maison-berghman.bio\">serge@maison-berghman.bio<\/a> T\u00e9l. 0614320754 \u2013 Adresse : 1600 Route de Vantail &#8211; BP 13 &#8211; 20230 SAN NICOLAO<\/p>\n<p><b>Identification de l\u2019entreprise :<\/b>\u00a0SAS Patrick BERGHMAN au capital social de \u20ac \u2013 SIREN : 52940619100013 \u2013<span class=\"Apple-converted-space\">\u00a0 <\/span>Adresse postale : 1600 Route de Vantail &#8211; BP 13 &#8211; 20230 SAN NICOLAO.<\/p>\n<p><b>Directeur de la publication :\u00a0<\/b>Serge BERGHMAN \u2013 Contact : <a href=\"mailto:serge@maison-berghman.bio\">serge@maison-berghman.bio<\/a><span class=\"Apple-converted-space\">\u00a0<\/span><\/p>\n<p><b>H\u00e9bergeur :<\/b>\u00a0OVH SAS \u2013 2 rue Kellermann \u2013 BP 80157 \u2013 59053 Roubaix Cedex 1 \u2013 T\u00e9l\u00e9phone : 1007\u00a0<\/p>\n<p><b>D\u00e9l\u00e9gu\u00e9 \u00e0 la protection des donn\u00e9es :\u00a0<\/b>Serge BERGHMAN \u2013 <a href=\"mailto:serge@maison-berghman.bio\">serge@maison-berghman.bio<\/a><span class=\"Apple-converted-space\">\u00a0<\/span><\/p>\n<p><b>Site web cr\u00e9\u00e9 par SV Communication<\/b> \u2013 <a href=\"http:\/\/www.sandra-vich.fr\/\">www.sandra-vich.fr<\/a><br \/><br \/><b>Autres contributeurs :<\/b>\u00a0<br \/>Cr\u00e9dits Photos : Maison Berghman et www.istockphoto.com<\/p>\n<p><b>2 \u2013 Propri\u00e9t\u00e9 intellectuelle et contrefa\u00e7ons.<\/b><\/p>\n<p><b>La SAS Patrick BERGHMAN<\/b> est propri\u00e9taire des droits de propri\u00e9t\u00e9 intellectuelle et d\u00e9tient les droits d\u2019usage sur tous les \u00e9l\u00e9ments accessibles sur le site internet, notamment les textes, images, graphismes, logos, vid\u00e9os, architecture, ic\u00f4nes et sons.\u00a0<\/p>\n<p>Toute reproduction, repr\u00e9sentation, modification, publication, adaptation de tout ou partie des \u00e9l\u00e9ments du site, quel que soit le moyen ou le proc\u00e9d\u00e9 utilis\u00e9, est interdite, sauf autorisation \u00e9crite pr\u00e9alable de\u00a0<b>la SAS Patrick BERGHMAN.<\/b><\/p>\n<p>Toute exploitation non autoris\u00e9e du site ou de l\u2019un quelconque des \u00e9l\u00e9ments qu\u2019il contient sera consid\u00e9r\u00e9e comme constitutive d\u2019une contrefa\u00e7on et poursuivie conform\u00e9ment aux dispositions des articles\u00a0<a href=\"https:\/\/www.legifrance.gouv.fr\/affichCodeArticle.do?idArticle=LEGIARTI000032655082&amp;cidTexte=LEGITEXT000006069414&amp;dateTexte=20160605\">L.335-2 et suivants du Code de Propri\u00e9t\u00e9 Intellectuelle<\/a>.<\/p>\n<p><b>3 \u2013 Limitations de responsabilit\u00e9.<\/b><\/p>\n<p><b>La SAS Patrick BERGHMAN <\/b>ne pourra \u00eatre tenue pour responsable des dommages directs et indirects caus\u00e9s au mat\u00e9riel de l\u2019utilisateur, lors de l\u2019acc\u00e8s au site <a href=\"https:\/\/www.maison-berghman.bio\/en\/\">https:\/\/www.maison-berghman.bio<\/a>.<\/p>\n<p><b>SAS Patrick BERGHMAN <\/b>d\u00e9cline toute responsabilit\u00e9 quant \u00e0 l\u2019utilisation qui pourrait \u00eatre faite des informations et contenus pr\u00e9sents sur\u00a0<a href=\"https:\/\/www.maison-berghman.bio\/en\/\">https:\/\/www.maison-berghman.bio<\/a>.\u00a0<\/p>\n<p><b>SAS Patrick BERGHMAN<\/b> s\u2019engage \u00e0 s\u00e9curiser au mieux le site\u00a0<a href=\"https:\/\/www.maison-berghman.bio\/en\/\">https:\/\/www.maison-berghman.bio<\/a>, cependant sa responsabilit\u00e9 ne pourra \u00eatre mise en cause si des donn\u00e9es ind\u00e9sirables sont import\u00e9es et install\u00e9es sur son site \u00e0 son insu.<\/p>\n<p>Des espaces interactifs (espace contact ou commentaires) sont \u00e0 la disposition des utilisateurs.\u00a0<b>SAS Patrick BERGHMAN <\/b>se r\u00e9serve le droit de supprimer, sans mise en demeure pr\u00e9alable, tout contenu d\u00e9pos\u00e9 dans cet espace qui contreviendrait \u00e0 la l\u00e9gislation applicable en France, en particulier aux dispositions relatives \u00e0 la protection des donn\u00e9es.\u00a0<\/p>\n<p>Le cas \u00e9ch\u00e9ant,\u00a0<b>SAS Patrick BERGHMAN <\/b>se r\u00e9serve \u00e9galement la possibilit\u00e9 de mettre en cause la responsabilit\u00e9 civile et\/ou p\u00e9nale de l\u2019utilisateur, notamment en cas de message \u00e0 caract\u00e8re raciste, injurieux, diffamant, ou pornographique, quel que soit le support utilis\u00e9 (texte, photographie \u2026).<\/p>\n<p><b>4 \u2013 CNIL et gestion des donn\u00e9es personnelles.<\/b><\/p>\n<p>Conform\u00e9ment aux dispositions de la loi 78-17 du 6 janvier 1978 modifi\u00e9e, l\u2019utilisateur du site <a href=\"https:\/\/www.maison-berghman.bio\/en\/\">https:\/\/www.maison-berghman.bio<\/a> dispose d\u2019un droit d\u2019acc\u00e8s, de modification et de suppression des informations collect\u00e9es. Pour exercer ce droit, envoyez un message \u00e0 notre D\u00e9l\u00e9gu\u00e9 \u00e0 la Protection des Donn\u00e9es : SAS Patrick BERGHMAN \u2013 <a href=\"mailto:serge@maison-berghman.bio\">serge@maison-berghman.bio<\/a><\/p>\n<p>Pour plus d\u2019informations sur la fa\u00e7on dont nous traitons vos donn\u00e9es (type de donn\u00e9es, finalit\u00e9, destinataire\u2026), lisez notre\u00a0Politique de Confidentialit\u00e9.<\/p>\n<p>Il est \u00e9galement possible de\u00a0<a href=\"https:\/\/www.cnil.fr\/fr\/plaintes\">d\u00e9poser une r\u00e9clamation aupr\u00e8s de la CNIL<\/a>.<\/p>\n<p><b>5 \u2013 Liens hypertextes et cookies<\/b><\/p>\n<p>Le site\u00a0<a href=\"https:\/\/www.maison-berghman.bio\/en\/\">https:\/\/www.maison-berghman.bio<\/a>\u00a0contient des liens hypertextes vers d\u2019autres sites et d\u00e9gage toute responsabilit\u00e9 \u00e0 propos de ces liens externes ou des liens cr\u00e9\u00e9s par d\u2019autres sites vers\u00a0<a href=\"https:\/\/www.maison-berghman.bio\/en\/\">https:\/\/www.maison-berghman.bio<\/a>.\u00a0<\/p>\n<p>La navigation sur le site\u00a0<a href=\"https:\/\/www.maison-berghman.bio\/en\/\">https:\/\/www.maison-berghman.bio<\/a>\u00a0est susceptible de provoquer l\u2019installation de cookie(s) sur l\u2019ordinateur de l\u2019utilisateur.\u00a0<\/p>\n<p>Un \u00ab\u00a0cookie\u00a0\u00bb est un fichier de petite taille qui enregistre des informations relatives \u00e0 la navigation d\u2019un utilisateur sur un site. Les donn\u00e9es ainsi obtenues permettent d\u2019obtenir des mesures de fr\u00e9quentation, par exemple.<\/p>\n<p>Vous avez la possibilit\u00e9\u00a0<b>d\u2019accepter ou de refuser les cookies<\/b>\u00a0en modifiant les param\u00e8tres de votre navigateur. Aucun cookie ne sera d\u00e9pos\u00e9 sans votre consentement.<\/p>\n<p>Les cookies sont enregistr\u00e9s pour une dur\u00e9e maximale de 6 mois.\u00a0<\/p>\n<p>Pour plus d\u2019informations sur la fa\u00e7on dont nous faisons usage des cookies, lisez notre\u00a0Politique de Confidentialit\u00e9.<\/p>\n<p><b>6 \u2013 Droit applicable et attribution de juridiction.<\/b><\/p>\n<p>Tout litige en relation avec l\u2019utilisation du site\u00a0<a href=\"https:\/\/www.maison-berghman.bio\/en\/\">https:\/\/www.maison-berghman.bio<\/a>\u00a0est soumis au droit fran\u00e7ais. En dehors des cas o\u00f9 la loi ne le permet pas, il est fait attribution exclusive de juridiction aux tribunaux comp\u00e9tents de\u00a0<b>BASTIA<\/b>.<\/p>\t\t\t\t\t\t\t\t<\/div>\n\t\t\t\t<\/div>\n\t\t\t\t\t<\/div>\n\t\t<\/div>\n\t\t\t\t\t<\/div>\n\t\t<\/section>\n\t\t\t\t<\/div>","protected":false},"excerpt":{"rendered":"<p>Mentions l\u00e9gales 1 \u2013 \u00c9dition du site En vertu de\u00a0l\u2019article 6 de la loi n\u00b0 2004-575 du 21 juin 2004\u00a0pour la confiance dans l\u2019\u00e9conomie num\u00e9rique, il est pr\u00e9cis\u00e9 aux utilisateurs du site internet https:\/\/www.maison-berghman.bio l\u2019identit\u00e9 des diff\u00e9rents intervenants dans le cadre de sa r\u00e9alisation et de son suivi: Propri\u00e9taire du site :\u00a0SAS Patrick BERGHMAN \u2013 [&hellip;]<\/p>","protected":false},"author":1,"featured_media":0,"parent":0,"menu_order":0,"comment_status":"closed","ping_status":"closed","template":"","meta":{"footnotes":""},"class_list":["post-3","page","type-page","status-publish","hentry"],"yoast_head":"<!-- This site is optimized with the Yoast SEO plugin v25.4 - https:\/\/yoast.com\/wordpress\/plugins\/seo\/ -->\n<title>Mentions l\u00e9gales - Berghman Agrumes Bio Corse<\/title>\n<meta name=\"robots\" content=\"index, follow, max-snippet:-1, max-image-preview:large, max-video-preview:-1\" \/>\n<link rel=\"canonical\" href=\"https:\/\/www.maison-berghman.bio\/en\/mentions-legales\/\" \/>\n<meta property=\"og:locale\" content=\"en_GB\" \/>\n<meta property=\"og:type\" content=\"article\" \/>\n<meta property=\"og:title\" content=\"Mentions l\u00e9gales - Berghman Agrumes Bio Corse\" \/>\n<meta property=\"og:description\" content=\"Mentions l\u00e9gales 1 \u2013 \u00c9dition du site En vertu de\u00a0l\u2019article 6 de la loi n\u00b0 2004-575 du 21 juin 2004\u00a0pour la confiance dans l\u2019\u00e9conomie num\u00e9rique, il est pr\u00e9cis\u00e9 aux utilisateurs du site internet https:\/\/www.maison-berghman.bio l\u2019identit\u00e9 des diff\u00e9rents intervenants dans le cadre de sa r\u00e9alisation et de son suivi: Propri\u00e9taire du site :\u00a0SAS Patrick BERGHMAN \u2013 [&hellip;]\" \/>\n<meta property=\"og:url\" content=\"https:\/\/www.maison-berghman.bio\/en\/mentions-legales\/\" \/>\n<meta property=\"og:site_name\" content=\"Berghman Agrumes Bio Corse\" \/>\n<meta property=\"article:modified_time\" content=\"2023-09-11T14:26:42+00:00\" \/>\n<meta name=\"twitter:card\" content=\"summary_large_image\" \/>\n<meta name=\"twitter:label1\" content=\"Estimated reading time\" \/>\n\t<meta name=\"twitter:data1\" content=\"4 minutes\" \/>\n<script type=\"application\/ld+json\" class=\"yoast-schema-graph\">{\"@context\":\"https:\/\/schema.org\",\"@graph\":[{\"@type\":\"WebPage\",\"@id\":\"https:\/\/www.maison-berghman.bio\/mentions-legales\/\",\"url\":\"https:\/\/www.maison-berghman.bio\/mentions-legales\/\",\"name\":\"Mentions l\u00e9gales - Berghman Agrumes Bio Corse\",\"isPartOf\":{\"@id\":\"https:\/\/www.maison-berghman.bio\/#website\"},\"datePublished\":\"2022-06-27T14:39:21+00:00\",\"dateModified\":\"2023-09-11T14:26:42+00:00\",\"breadcrumb\":{\"@id\":\"https:\/\/www.maison-berghman.bio\/mentions-legales\/#breadcrumb\"},\"inLanguage\":\"en-GB\",\"potentialAction\":[{\"@type\":\"ReadAction\",\"target\":[\"https:\/\/www.maison-berghman.bio\/mentions-legales\/\"]}]},{\"@type\":\"BreadcrumbList\",\"@id\":\"https:\/\/www.maison-berghman.bio\/mentions-legales\/#breadcrumb\",\"itemListElement\":[{\"@type\":\"ListItem\",\"position\":1,\"name\":\"Accueil\",\"item\":\"https:\/\/www.maison-berghman.bio\/\"},{\"@type\":\"ListItem\",\"position\":2,\"name\":\"Mentions l\u00e9gales\"}]},{\"@type\":\"WebSite\",\"@id\":\"https:\/\/www.maison-berghman.bio\/#website\",\"url\":\"https:\/\/www.maison-berghman.bio\/\",\"name\":\"Berghman Agrumes Bio Corse\",\"description\":\"Agriculteurs commer\u00e7ants, le Bio est notre identit\u00e9\",\"publisher\":{\"@id\":\"https:\/\/www.maison-berghman.bio\/#organization\"},\"potentialAction\":[{\"@type\":\"SearchAction\",\"target\":{\"@type\":\"EntryPoint\",\"urlTemplate\":\"https:\/\/www.maison-berghman.bio\/?s={search_term_string}\"},\"query-input\":{\"@type\":\"PropertyValueSpecification\",\"valueRequired\":true,\"valueName\":\"search_term_string\"}}],\"inLanguage\":\"en-GB\"},{\"@type\":\"Organization\",\"@id\":\"https:\/\/www.maison-berghman.bio\/#organization\",\"name\":\"Berghman Agrumes Bio Corse\",\"url\":\"https:\/\/www.maison-berghman.bio\/\",\"logo\":{\"@type\":\"ImageObject\",\"inLanguage\":\"en-GB\",\"@id\":\"https:\/\/www.maison-berghman.bio\/#\/schema\/logo\/image\/\",\"url\":\"https:\/\/www.maison-berghman.bio\/wp-content\/uploads\/2023\/06\/Logo-MB-fond-blanc.svg\",\"contentUrl\":\"https:\/\/www.maison-berghman.bio\/wp-content\/uploads\/2023\/06\/Logo-MB-fond-blanc.svg\",\"width\":1200,\"height\":1200,\"caption\":\"Berghman Agrumes Bio Corse\"},\"image\":{\"@id\":\"https:\/\/www.maison-berghman.bio\/#\/schema\/logo\/image\/\"}}]}<\/script>\n<!-- \/ Yoast SEO plugin. -->","yoast_head_json":{"title":"Mentions l\u00e9gales - Berghman Agrumes Bio Corse","robots":{"index":"index","follow":"follow","max-snippet":"max-snippet:-1","max-image-preview":"max-image-preview:large","max-video-preview":"max-video-preview:-1"},"canonical":"https:\/\/www.maison-berghman.bio\/en\/mentions-legales\/","og_locale":"en_GB","og_type":"article","og_title":"Mentions l\u00e9gales - Berghman Agrumes Bio Corse","og_description":"Mentions l\u00e9gales 1 \u2013 \u00c9dition du site En vertu de\u00a0l\u2019article 6 de la loi n\u00b0 2004-575 du 21 juin 2004\u00a0pour la confiance dans l\u2019\u00e9conomie num\u00e9rique, il est pr\u00e9cis\u00e9 aux utilisateurs du site internet https:\/\/www.maison-berghman.bio l\u2019identit\u00e9 des diff\u00e9rents intervenants dans le cadre de sa r\u00e9alisation et de son suivi: Propri\u00e9taire du site :\u00a0SAS Patrick BERGHMAN \u2013 [&hellip;]","og_url":"https:\/\/www.maison-berghman.bio\/en\/mentions-legales\/","og_site_name":"Berghman Agrumes Bio Corse","article_modified_time":"2023-09-11T14:26:42+00:00","twitter_card":"summary_large_image","twitter_misc":{"Estimated reading time":"4 minutes"},"schema":{"@context":"https:\/\/schema.org","@graph":[{"@type":"WebPage","@id":"https:\/\/www.maison-berghman.bio\/mentions-legales\/","url":"https:\/\/www.maison-berghman.bio\/mentions-legales\/","name":"Mentions l\u00e9gales - Berghman Agrumes Bio Corse","isPartOf":{"@id":"https:\/\/www.maison-berghman.bio\/#website"},"datePublished":"2022-06-27T14:39:21+00:00","dateModified":"2023-09-11T14:26:42+00:00","breadcrumb":{"@id":"https:\/\/www.maison-berghman.bio\/mentions-legales\/#breadcrumb"},"inLanguage":"en-GB","potentialAction":[{"@type":"ReadAction","target":["https:\/\/www.maison-berghman.bio\/mentions-legales\/"]}]},{"@type":"BreadcrumbList","@id":"https:\/\/www.maison-berghman.bio\/mentions-legales\/#breadcrumb","itemListElement":[{"@type":"ListItem","position":1,"name":"Accueil","item":"https:\/\/www.maison-berghman.bio\/"},{"@type":"ListItem","position":2,"name":"Mentions l\u00e9gales"}]},{"@type":"WebSite","@id":"https:\/\/www.maison-berghman.bio\/#website","url":"https:\/\/www.maison-berghman.bio\/","name":"Berghman Agrumes Bio Corse","description":"Agriculteurs commer\u00e7ants, le Bio est notre identit\u00e9","publisher":{"@id":"https:\/\/www.maison-berghman.bio\/#organization"},"potentialAction":[{"@type":"SearchAction","target":{"@type":"EntryPoint","urlTemplate":"https:\/\/www.maison-berghman.bio\/?s={search_term_string}"},"query-input":{"@type":"PropertyValueSpecification","valueRequired":true,"valueName":"search_term_string"}}],"inLanguage":"en-GB"},{"@type":"Organization","@id":"https:\/\/www.maison-berghman.bio\/#organization","name":"Berghman Agrumes Bio Corse","url":"https:\/\/www.maison-berghman.bio\/","logo":{"@type":"ImageObject","inLanguage":"en-GB","@id":"https:\/\/www.maison-berghman.bio\/#\/schema\/logo\/image\/","url":"https:\/\/www.maison-berghman.bio\/wp-content\/uploads\/2023\/06\/Logo-MB-fond-blanc.svg","contentUrl":"https:\/\/www.maison-berghman.bio\/wp-content\/uploads\/2023\/06\/Logo-MB-fond-blanc.svg","width":1200,"height":1200,"caption":"Berghman Agrumes Bio Corse"},"image":{"@id":"https:\/\/www.maison-berghman.bio\/#\/schema\/logo\/image\/"}}]}},"_links":{"self":[{"href":"https:\/\/www.maison-berghman.bio\/en\/wp-json\/wp\/v2\/pages\/3","targetHints":{"allow":["GET"]}}],"collection":[{"href":"https:\/\/www.maison-berghman.bio\/en\/wp-json\/wp\/v2\/pages"}],"about":[{"href":"https:\/\/www.maison-berghman.bio\/en\/wp-json\/wp\/v2\/types\/page"}],"author":[{"embeddable":true,"href":"https:\/\/www.maison-berghman.bio\/en\/wp-json\/wp\/v2\/users\/1"}],"replies":[{"embeddable":true,"href":"https:\/\/www.maison-berghman.bio\/en\/wp-json\/wp\/v2\/comments?post=3"}],"version-history":[{"count":13,"href":"https:\/\/www.maison-berghman.bio\/en\/wp-json\/wp\/v2\/pages\/3\/revisions"}],"predecessor-version":[{"id":3760,"href":"https:\/\/www.maison-berghman.bio\/en\/wp-json\/wp\/v2\/pages\/3\/revisions\/3760"}],"wp:attachment":[{"href":"https:\/\/www.maison-berghman.bio\/en\/wp-json\/wp\/v2\/media?parent=3"}],"curies":[{"name":"wp","href":"https:\/\/api.w.org\/{rel}","templated":true}]}}